{"id":938,"date":"2024-07-02T15:14:12","date_gmt":"2024-07-02T13:14:12","guid":{"rendered":"https:\/\/www.agendadesfestivals.occitanie-films.fr\/?post_type=mec-events&#038;p=938"},"modified":"2025-09-15T09:36:41","modified_gmt":"2025-09-15T07:36:41","slug":"les-chemins-du-docs","status":"publish","type":"mec-events","link":"https:\/\/www.agendadesfestivals.occitanie-films.fr\/index.php\/events\/les-chemins-du-docs\/","title":{"rendered":"Les Chemins du Docs"},"content":{"rendered":"<div class=\"page\" title=\"Page 2\">\n<div class=\"section\">\n<div class=\"layoutArea\">\n<div class=\"column\">\n<div>Port\u00e9 par DOC-C\u00e8vennes, LES CHEMINS DU DOC est un festival en partenariat avec ARTE et le Parc national des C\u00e9v\u00e8nnes.<\/div>\n<div><\/div>\n<\/div>\n<div>\n<div class=\"page\" title=\"Page 1\">\n<div class=\"section\">\n<div class=\"layoutArea\">\n<div class=\"column\">\n<p>Cet e\u0301te\u0301, Les Chemins du DOC sont de retour pour une 3e e\u0301dition ! Ce festival itine\u0301rant de cine\u0301ma documentaire se de\u0301roulera du <strong>18 au 22 aou\u0302t en 5 lieux<\/strong> a\u0300 haute porte\u0301e symbolique. Comme l&rsquo;anne\u0301e passe\u0301e, nous souhaitons vous proposer un partenariat. Nous pouvons vous proposer d&rsquo;apposer votre logo sur nos e\u0301le\u0301ments de communication ainsi que votre mention sur nos re\u0301seaux sociaux en contrepartie de l&rsquo;annonce de notre e\u0301ve\u0301nement sur votre me\u0301dia.<\/p>\n<p>L\u2019e\u0301dition Par monts et par vaux, poursuit le geste politique et poe\u0301tique d\u2019aller a\u0300 la rencontre des territoires, non comme simples de\u0301cors, mais comme sujets \u2013 vivants, traverse\u0301s, habite\u0301s pour proposer des projections gratuites, sous la vou\u0302te e\u0301toile\u0301e.<\/p>\n<\/div>\n<\/div>\n<\/div>\n<\/div>\n<\/div>\n<div class=\"column\">\n<div><\/div>\n<\/div>\n<p><strong>\uff5cSite internet\uff5c<\/strong><a href=\"http:\/\/www.doc-cevennes.org\">Les chemins du doc\u00a0<\/a><strong>\uff5c<br \/>\n\uff5cProgramme\uff5c<\/strong><a href=\"https:\/\/www.agendadesfestivals.occitanie-films.fr\/wp-content\/uploads\/2024\/07\/Communique_de_presse_chemins_du_doc_2025.pdf\"> 3\u00e8me \u00e9dition<\/a><strong>\uff5c<br \/>\n\uff5cInstagram\uff5c<\/strong><a href=\"https:\/\/www.instagram.com\/doccevennes\/?hl=fr\">Les chemins du doc<\/a><strong>\uff5c<br \/>\n\uff5cFacebook\uff5c<\/strong><a href=\"https:\/\/www.facebook.com\/DOC.Cevennes\/?locale=fr_FR\">Les chemins du doc<\/a><strong>\uff5c<\/strong><\/p>\n<\/div>\n<\/div>\n<\/div>\n","protected":false},"excerpt":{"rendered":"<p>Port\u00e9 par DOC-C\u00e8vennes, LES CHEMINS DU DOC est un festival en partenariat avec ARTE et le Parc national des C\u00e9v\u00e8nnes. Cet e\u0301te\u0301, Les Chemins du DOC sont de retour pour [&hellip;]<\/p>\n","protected":false},"author":1,"featured_media":11797,"template":"","meta":{"site-sidebar-layout":"default","site-content-layout":"default","ast-site-content-layout":"default","site-content-style":"default","site-sidebar-style":"default","ast-global-header-display":"","ast-banner-title-visibility":"","ast-main-header-display":"","ast-hfb-above-header-display":"","ast-hfb-below-header-display":"","ast-hfb-mobile-header-display":"","site-post-title":"","ast-breadcrumbs-content":"","ast-featured-img":"","footer-sml-layout":"","ast-disable-related-posts":"","theme-transparent-header-meta":"default","adv-header-id-meta":"","stick-header-meta":"","header-above-stick-meta":"","header-main-stick-meta":"","header-below-stick-meta":"","astra-migrate-meta-layouts":"set","ast-page-background-enabled":"default","ast-page-background-meta":{"desktop":{"background-color":"var(--ast-global-color-4)","background-image":"","background-repeat":"repeat","background-position":"center center","background-size":"auto","background-attachment":"scroll","background-type":"","background-media":"","overlay-type":"","overlay-color":"","overlay-opacity":"","overlay-gradient":""},"tablet":{"background-color":"","background-image":"","background-repeat":"repeat","background-position":"center center","background-size":"auto","background-attachment":"scroll","background-type":"","background-media":"","overlay-type":"","overlay-color":"","overlay-opacity":"","overlay-gradient":""},"mobile":{"background-color":"","background-image":"","background-repeat":"repeat","background-position":"center center","background-size":"auto","background-attachment":"scroll","background-type":"","background-media":"","overlay-type":"","overlay-color":"","overlay-opacity":"","overlay-gradient":""}},"ast-content-background-meta":{"desktop":{"background-color":"var(--ast-global-color-5)","background-image":"","background-repeat":"repeat","background-position":"center center","background-size":"auto","background-attachment":"scroll","background-type":"","background-media":"","overlay-type":"","overlay-color":"","overlay-opacity":"","overlay-gradient":""},"tablet":{"background-color":"var(--ast-global-color-5)","background-image":"","background-repeat":"repeat","background-position":"center center","background-size":"auto","background-attachment":"scroll","background-type":"","background-media":"","overlay-type":"","overlay-color":"","overlay-opacity":"","overlay-gradient":""},"mobile":{"background-color":"var(--ast-global-color-5)","background-image":"","background-repeat":"repeat","background-position":"center center","background-size":"auto","background-attachment":"scroll","background-type":"","background-media":"","overlay-type":"","overlay-color":"","overlay-opacity":"","overlay-gradient":""}},"_EventAllDay":false,"_EventTimezone":"","_EventStartDate":"","_EventEndDate":"","_EventStartDateUTC":"","_EventEndDateUTC":"","_EventShowMap":false,"_EventShowMapLink":false,"_EventURL":"","_EventCost":"","_EventCostDescription":"","_EventCurrencySymbol":"","_EventCurrencyCode":"","_EventCurrencyPosition":"","_EventDateTimeSeparator":"","_EventTimeRangeSeparator":"","_EventOrganizerID":[],"_EventVenueID":[],"_OrganizerEmail":"","_OrganizerPhone":"","_OrganizerWebsite":"","_VenueAddress":"","_VenueCity":"","_VenueCountry":"","_VenueProvince":"","_VenueState":"","_VenueZip":"","_VenuePhone":"","_VenueURL":"","_VenueStateProvince":"","_VenueLat":"","_VenueLng":"","_VenueShowMap":false,"_VenueShowMapLink":false},"tags":[],"mec_category":[13],"class_list":["post-938","mec-events","type-mec-events","status-publish","has-post-thumbnail","hentry","mec_category-la-lozere-48"],"_links":{"self":[{"href":"https:\/\/www.agendadesfestivals.occitanie-films.fr\/index.php\/wp-json\/wp\/v2\/mec-events\/938","targetHints":{"allow":["GET"]}}],"collection":[{"href":"https:\/\/www.agendadesfestivals.occitanie-films.fr\/index.php\/wp-json\/wp\/v2\/mec-events"}],"about":[{"href":"https:\/\/www.agendadesfestivals.occitanie-films.fr\/index.php\/wp-json\/wp\/v2\/types\/mec-events"}],"author":[{"embeddable":true,"href":"https:\/\/www.agendadesfestivals.occitanie-films.fr\/index.php\/wp-json\/wp\/v2\/users\/1"}],"wp:featuredmedia":[{"embeddable":true,"href":"https:\/\/www.agendadesfestivals.occitanie-films.fr\/index.php\/wp-json\/wp\/v2\/media\/11797"}],"wp:attachment":[{"href":"https:\/\/www.agendadesfestivals.occitanie-films.fr\/index.php\/wp-json\/wp\/v2\/media?parent=938"}],"wp:term":[{"taxonomy":"post_tag","embeddable":true,"href":"https:\/\/www.agendadesfestivals.occitanie-films.fr\/index.php\/wp-json\/wp\/v2\/tags?post=938"},{"taxonomy":"mec_category","embeddable":true,"href":"https:\/\/www.agendadesfestivals.occitanie-films.fr\/index.php\/wp-json\/wp\/v2\/mec_category?post=938"}],"curies":[{"name":"wp","href":"https:\/\/api.w.org\/{rel}","templated":true}]}}