{"id":781,"date":"2024-01-10T11:46:09","date_gmt":"2024-01-10T10:46:09","guid":{"rendered":"https:\/\/www.agendadesfestivals.occitanie-films.fr\/?post_type=mec-events&#038;p=781"},"modified":"2025-09-15T09:42:32","modified_gmt":"2025-09-15T07:42:32","slug":"festival-du-cinema-argentique-en-plein-air","status":"publish","type":"mec-events","link":"https:\/\/www.agendadesfestivals.occitanie-films.fr\/index.php\/events\/festival-du-cinema-argentique-en-plein-air\/","title":{"rendered":"Festival du Cin\u00e9ma Argentique en plein air"},"content":{"rendered":"<p>L\u2019association remet en lumi\u00e8re la contribution du Laboratoire Boyer au patrimoine cin\u00e9matographique. Chaque ann\u00e9e, elle organise le <b>Festival de cin\u00e9ma argentique en plein air de Redessan<\/b><a href=\"https:\/\/www.boyer-cinema.fr\/le-festival-2024\" target=\"_self\">.<\/a>\u00a0<b>Sa 11e \u00e9dition aura lieu du 31 juillet au 3 ao\u00fbt 2025.\u00a0<\/b><\/p>\n<p>Ni vid\u00e9o, ni num\u00e9rique : de vraies bobines de pellicules 35mm, pour des projections \u00ab\u00a0\u00e0 l&rsquo;italienne\u00a0\u00bb d\u00e9sormais rarissimes. Dans la cour de l&rsquo;\u00e9cole Marcel Pagnol, le d\u00e9cor est plant\u00e9 : l&rsquo;\u00e9cran g\u00e9ant d&rsquo;un c\u00f4t\u00e9, l&rsquo;appareil de projection de l&rsquo;autre, le tout sous la vo\u00fbte bient\u00f4t \u00e9toil\u00e9e, un d\u00e9cor pour accueillir quatre s\u00e9ances de cin\u00e9ma d\u00e8s 19h00 et un espace de restauration avec un concert de musique live \u00e0 partir de 20h puis projection en argentique \u00e0 21h30 et pr\u00e9c\u00e9d\u00e9 d&rsquo;actualit\u00e9s et de publicit\u00e9s de l&rsquo;\u00e9poque.<\/p>\n<div><\/div>\n<p><strong>\uff5cSite internet\uff5c<\/strong><a href=\"https:\/\/www.boyer-cinema.fr\">Festival du Cin\u00e9ma Argentique en plein air<\/a>\u00a0<strong>\uff5c<br \/>\n\uff5cProgramme\uff5c<\/strong><a href=\"https:\/\/www.helloasso.com\/associations\/association-jean-paul-boyer-culture-et-cinema-a-redessan\/evenements\/reservation-11e-festival-de-cinema-argentique-en-plein-air\"> 11\u00e8me \u00e9dition<\/a><strong>\uff5c<\/strong><strong><br \/>\n\uff5cFacebook\uff5c<\/strong><a href=\"https:\/\/www.facebook.com\/associationjeanpaulboyer\">Festival du Cin\u00e9ma Argentique en plein air<\/a><strong>\uff5c<\/strong><\/p>\n<p>&nbsp;<\/p>\n","protected":false},"excerpt":{"rendered":"<p>L\u2019association remet en lumi\u00e8re la contribution du Laboratoire Boyer au patrimoine cin\u00e9matographique. Chaque ann\u00e9e, elle organise le Festival de cin\u00e9ma argentique en plein air de Redessan.\u00a0Sa 11e \u00e9dition aura lieu [&hellip;]<\/p>\n","protected":false},"author":1,"featured_media":11779,"template":"","meta":{"site-sidebar-layout":"default","site-content-layout":"default","ast-site-content-layout":"default","site-content-style":"default","site-sidebar-style":"default","ast-global-header-display":"","ast-banner-title-visibility":"","ast-main-header-display":"","ast-hfb-above-header-display":"","ast-hfb-below-header-display":"","ast-hfb-mobile-header-display":"","site-post-title":"","ast-breadcrumbs-content":"","ast-featured-img":"","footer-sml-layout":"","ast-disable-related-posts":"","theme-transparent-header-meta":"default","adv-header-id-meta":"","stick-header-meta":"","header-above-stick-meta":"","header-main-stick-meta":"","header-below-stick-meta":"","astra-migrate-meta-layouts":"set","ast-page-background-enabled":"default","ast-page-background-meta":{"desktop":{"background-color":"var(--ast-global-color-4)","background-image":"","background-repeat":"repeat","background-position":"center center","background-size":"auto","background-attachment":"scroll","background-type":"","background-media":"","overlay-type":"","overlay-color":"","overlay-opacity":"","overlay-gradient":""},"tablet":{"background-color":"","background-image":"","background-repeat":"repeat","background-position":"center center","background-size":"auto","background-attachment":"scroll","background-type":"","background-media":"","overlay-type":"","overlay-color":"","overlay-opacity":"","overlay-gradient":""},"mobile":{"background-color":"","background-image":"","background-repeat":"repeat","background-position":"center center","background-size":"auto","background-attachment":"scroll","background-type":"","background-media":"","overlay-type":"","overlay-color":"","overlay-opacity":"","overlay-gradient":""}},"ast-content-background-meta":{"desktop":{"background-color":"var(--ast-global-color-5)","background-image":"","background-repeat":"repeat","background-position":"center center","background-size":"auto","background-attachment":"scroll","background-type":"","background-media":"","overlay-type":"","overlay-color":"","overlay-opacity":"","overlay-gradient":""},"tablet":{"background-color":"var(--ast-global-color-5)","background-image":"","background-repeat":"repeat","background-position":"center center","background-size":"auto","background-attachment":"scroll","background-type":"","background-media":"","overlay-type":"","overlay-color":"","overlay-opacity":"","overlay-gradient":""},"mobile":{"background-color":"var(--ast-global-color-5)","background-image":"","background-repeat":"repeat","background-position":"center center","background-size":"auto","background-attachment":"scroll","background-type":"","background-media":"","overlay-type":"","overlay-color":"","overlay-opacity":"","overlay-gradient":""}},"_EventAllDay":false,"_EventTimezone":"","_EventStartDate":"","_EventEndDate":"","_EventStartDateUTC":"","_EventEndDateUTC":"","_EventShowMap":false,"_EventShowMapLink":false,"_EventURL":"","_EventCost":"","_EventCostDescription":"","_EventCurrencySymbol":"","_EventCurrencyCode":"","_EventCurrencyPosition":"","_EventDateTimeSeparator":"","_EventTimeRangeSeparator":"","_EventOrganizerID":[],"_EventVenueID":[],"_OrganizerEmail":"","_OrganizerPhone":"","_OrganizerWebsite":"","_VenueAddress":"","_VenueCity":"","_VenueCountry":"","_VenueProvince":"","_VenueState":"","_VenueZip":"","_VenuePhone":"","_VenueURL":"","_VenueStateProvince":"","_VenueLat":"","_VenueLng":"","_VenueShowMap":false,"_VenueShowMapLink":false},"tags":[],"mec_category":[34,9],"class_list":["post-781","mec-events","type-mec-events","status-publish","has-post-thumbnail","hentry","mec_category-agenda-des-festivals","mec_category-le-gard-30"],"_links":{"self":[{"href":"https:\/\/www.agendadesfestivals.occitanie-films.fr\/index.php\/wp-json\/wp\/v2\/mec-events\/781","targetHints":{"allow":["GET"]}}],"collection":[{"href":"https:\/\/www.agendadesfestivals.occitanie-films.fr\/index.php\/wp-json\/wp\/v2\/mec-events"}],"about":[{"href":"https:\/\/www.agendadesfestivals.occitanie-films.fr\/index.php\/wp-json\/wp\/v2\/types\/mec-events"}],"author":[{"embeddable":true,"href":"https:\/\/www.agendadesfestivals.occitanie-films.fr\/index.php\/wp-json\/wp\/v2\/users\/1"}],"wp:featuredmedia":[{"embeddable":true,"href":"https:\/\/www.agendadesfestivals.occitanie-films.fr\/index.php\/wp-json\/wp\/v2\/media\/11779"}],"wp:attachment":[{"href":"https:\/\/www.agendadesfestivals.occitanie-films.fr\/index.php\/wp-json\/wp\/v2\/media?parent=781"}],"wp:term":[{"taxonomy":"post_tag","embeddable":true,"href":"https:\/\/www.agendadesfestivals.occitanie-films.fr\/index.php\/wp-json\/wp\/v2\/tags?post=781"},{"taxonomy":"mec_category","embeddable":true,"href":"https:\/\/www.agendadesfestivals.occitanie-films.fr\/index.php\/wp-json\/wp\/v2\/mec_category?post=781"}],"curies":[{"name":"wp","href":"https:\/\/api.w.org\/{rel}","templated":true}]}}