{"id":544,"date":"2025-01-08T18:05:04","date_gmt":"2025-01-08T17:05:04","guid":{"rendered":"https:\/\/www.agendadesfestivals.occitanie-films.fr\/?post_type=mec-events&#038;p=544"},"modified":"2026-01-23T14:33:42","modified_gmt":"2026-01-23T13:33:42","slug":"des-images-aux-mots","status":"publish","type":"mec-events","link":"https:\/\/www.agendadesfestivals.occitanie-films.fr\/index.php\/events\/des-images-aux-mots\/","title":{"rendered":"Des Images aux mots"},"content":{"rendered":"<p>Pour sa 19e \u00e9dition, le festival Des Images Aux Mots pr\u00e9sente une programmation originale, riche, diversifi\u00e9e o\u00f9 on peut compter 54,24% de femmes dans la r\u00e9alisation des \u0153uvres programm\u00e9es du <strong>30 janvier au 8 f\u00e9vrier 2026 \u00e0 Toulouse<\/strong> puis du <strong>9 f\u00e9vrier au 3 mars 2026 en r\u00e9gion Occitanie<\/strong> et Nouvelle Aquitaine.<\/p>\n<p>Le cin\u00e9ma ind\u00e9pendant rec\u00e8le de talents de femmes, de queers, de personnes racis\u00e9es, de personnes avec handicap, il suffit de cr\u00e9er une grande communaut\u00e9 de cin\u00e9philes et de construire des liens de bienveillance et d\u2019entraide pour que ces talents apparaissent sur les \u00e9crans de 13 d\u00e9partements des r\u00e9gions Occitanie et Nouvelle Aquitaine.<\/p>\n<p>Tous les jours des propositions arrivent et t\u00e9moignent d\u2019une qualit\u00e9 croissante. Le cin\u00e9ma LGBTQIA+ n\u2019est plus du cin\u00e9ma amateur, de niche comme en 2007, quand le festival \u00e9tait cr\u00e9\u00e9. C\u2019est un cin\u00e9ma de qualit\u00e9, de r\u00e9flexion, de diversit\u00e9 et d\u2019inclusion. <strong>Des images aux mots<\/strong> permet de montrer ces artistes, de traduire leurs \u0153uvres et de les sous-titrer pour les rendre accessibles.<\/p>\n<p>\uff5c<strong>Site internet<\/strong>\uff5c<a href=\"https:\/\/www.des-images-aux-mots.fr\/\">Des Images aux mots<\/a>\uff5c<br \/>\n\uff5c<strong>Programme<\/strong>\uff5c<a href=\"https:\/\/www.des-images-aux-mots.fr\/wp-content\/uploads\/2024\/12\/Programme-DIAM-2025.pdf\">18e \u00e9dition<\/a>\uff5c<br \/>\n\uff5c<strong>Instagram<\/strong>\uff5c<a href=\"https:\/\/www.instagram.com\/festivaldesimagesauxmots\/\">Des Images aux mots<\/a>\uff5c<br \/>\n\uff5c<strong>Facebook<\/strong>\uff5c<a href=\"https:\/\/www.facebook.com\/festivaldesimagesauxmots\">Des Images aux mots<\/a>\uff5c<br \/>\n\uff5c<strong>X<\/strong>\uff5c<a href=\"https:\/\/x.com\/DIAMFilmFest\">Des images aux mots<\/a>\uff5c<\/p>\n","protected":false},"excerpt":{"rendered":"<p>Pour sa 19e \u00e9dition, le festival Des Images Aux Mots pr\u00e9sente une programmation originale, riche, diversifi\u00e9e o\u00f9 on peut compter 54,24% de femmes dans la r\u00e9alisation des \u0153uvres programm\u00e9es du [&hellip;]<\/p>\n","protected":false},"author":1,"featured_media":11898,"template":"","meta":{"site-sidebar-layout":"default","site-content-layout":"default","ast-site-content-layout":"default","site-content-style":"default","site-sidebar-style":"default","ast-global-header-display":"","ast-banner-title-visibility":"","ast-main-header-display":"","ast-hfb-above-header-display":"","ast-hfb-below-header-display":"","ast-hfb-mobile-header-display":"","site-post-title":"","ast-breadcrumbs-content":"","ast-featured-img":"","footer-sml-layout":"","ast-disable-related-posts":"","theme-transparent-header-meta":"default","adv-header-id-meta":"","stick-header-meta":"","header-above-stick-meta":"","header-main-stick-meta":"","header-below-stick-meta":"","astra-migrate-meta-layouts":"set","ast-page-background-enabled":"default","ast-page-background-meta":{"desktop":{"background-color":"var(--ast-global-color-4)","background-image":"","background-repeat":"repeat","background-position":"center center","background-size":"auto","background-attachment":"scroll","background-type":"","background-media":"","overlay-type":"","overlay-color":"","overlay-opacity":"","overlay-gradient":""},"tablet":{"background-color":"","background-image":"","background-repeat":"repeat","background-position":"center center","background-size":"auto","background-attachment":"scroll","background-type":"","background-media":"","overlay-type":"","overlay-color":"","overlay-opacity":"","overlay-gradient":""},"mobile":{"background-color":"","background-image":"","background-repeat":"repeat","background-position":"center center","background-size":"auto","background-attachment":"scroll","background-type":"","background-media":"","overlay-type":"","overlay-color":"","overlay-opacity":"","overlay-gradient":""}},"ast-content-background-meta":{"desktop":{"background-color":"var(--ast-global-color-5)","background-image":"","background-repeat":"repeat","background-position":"center center","background-size":"auto","background-attachment":"scroll","background-type":"","background-media":"","overlay-type":"","overlay-color":"","overlay-opacity":"","overlay-gradient":""},"tablet":{"background-color":"var(--ast-global-color-5)","background-image":"","background-repeat":"repeat","background-position":"center center","background-size":"auto","background-attachment":"scroll","background-type":"","background-media":"","overlay-type":"","overlay-color":"","overlay-opacity":"","overlay-gradient":""},"mobile":{"background-color":"var(--ast-global-color-5)","background-image":"","background-repeat":"repeat","background-position":"center center","background-size":"auto","background-attachment":"scroll","background-type":"","background-media":"","overlay-type":"","overlay-color":"","overlay-opacity":"","overlay-gradient":""}},"_EventAllDay":false,"_EventTimezone":"","_EventStartDate":"","_EventEndDate":"","_EventStartDateUTC":"","_EventEndDateUTC":"","_EventShowMap":false,"_EventShowMapLink":false,"_EventURL":"","_EventCost":"","_EventCostDescription":"","_EventCurrencySymbol":"","_EventCurrencyCode":"","_EventCurrencyPosition":"","_EventDateTimeSeparator":"","_EventTimeRangeSeparator":"","_EventOrganizerID":[],"_EventVenueID":[],"_OrganizerEmail":"","_OrganizerPhone":"","_OrganizerWebsite":"","_VenueAddress":"","_VenueCity":"","_VenueCountry":"","_VenueProvince":"","_VenueState":"","_VenueZip":"","_VenuePhone":"","_VenueURL":"","_VenueStateProvince":"","_VenueLat":"","_VenueLng":"","_VenueShowMap":false,"_VenueShowMapLink":false},"tags":[],"mec_category":[10],"class_list":["post-544","mec-events","type-mec-events","status-publish","has-post-thumbnail","hentry","mec_category-la-haute-garonne-31"],"_links":{"self":[{"href":"https:\/\/www.agendadesfestivals.occitanie-films.fr\/index.php\/wp-json\/wp\/v2\/mec-events\/544","targetHints":{"allow":["GET"]}}],"collection":[{"href":"https:\/\/www.agendadesfestivals.occitanie-films.fr\/index.php\/wp-json\/wp\/v2\/mec-events"}],"about":[{"href":"https:\/\/www.agendadesfestivals.occitanie-films.fr\/index.php\/wp-json\/wp\/v2\/types\/mec-events"}],"author":[{"embeddable":true,"href":"https:\/\/www.agendadesfestivals.occitanie-films.fr\/index.php\/wp-json\/wp\/v2\/users\/1"}],"wp:featuredmedia":[{"embeddable":true,"href":"https:\/\/www.agendadesfestivals.occitanie-films.fr\/index.php\/wp-json\/wp\/v2\/media\/11898"}],"wp:attachment":[{"href":"https:\/\/www.agendadesfestivals.occitanie-films.fr\/index.php\/wp-json\/wp\/v2\/media?parent=544"}],"wp:term":[{"taxonomy":"post_tag","embeddable":true,"href":"https:\/\/www.agendadesfestivals.occitanie-films.fr\/index.php\/wp-json\/wp\/v2\/tags?post=544"},{"taxonomy":"mec_category","embeddable":true,"href":"https:\/\/www.agendadesfestivals.occitanie-films.fr\/index.php\/wp-json\/wp\/v2\/mec_category?post=544"}],"curies":[{"name":"wp","href":"https:\/\/api.w.org\/{rel}","templated":true}]}}