{"id":472,"date":"2021-05-22T08:55:29","date_gmt":"2021-05-22T06:55:29","guid":{"rendered":"http:\/\/www.agendadesfestivals.occitanie-films.fr\/?post_type=mec-events&#038;p=472"},"modified":"2025-09-15T09:50:23","modified_gmt":"2025-09-15T07:50:23","slug":"les-rencontres-cine-jeunes","status":"publish","type":"mec-events","link":"https:\/\/www.agendadesfestivals.occitanie-films.fr\/index.php\/events\/les-rencontres-cine-jeunes\/","title":{"rendered":"Rencontres Cin\u00e9-Jeunes Justice"},"content":{"rendered":"<p style=\"text-align: justify;\"><strong>Les Rencontres Cin\u00e9-Jeunes<\/strong> sont le fruit d\u2019un partenariat entre l&rsquo;association P\u00eacheurs d\u2019Images \u00e0 Lunel et le lyc\u00e9e Louis Feuillade. Chaque ann\u00e9e, <strong>elles proposent des \u00e9changes vari\u00e9s et privil\u00e9gi\u00e9s entre lyc\u00e9ens d&rsquo;Occitanie et de Paca et des professionnels du cin\u00e9ma.<\/strong> Elles sont l\u2019occasion de projections, de rencontres, de d\u00e9bats et d\u2019activit\u00e9s m\u00ealant les \u00e9l\u00e8ves avec les artistes, organisateurs culturels, th\u00e9oriciens et techniciens venus les encadrer.<\/p>\n<p style=\"text-align: justify;\"><strong>Les 31e Rencontres Cin\u00e9-Jeunes auront lieu du mardi 8 \u00a0juin au vendredi 11 juin 2021. Toutes les rencontres et projections au Cin\u00e9ma Ath\u00e9n\u00e9e de Lunel sont ouvertes au public.\u00a0<\/strong><\/p>\n<ul style=\"text-align: justify;\">\n<li><strong>Mardi 8 juin &#8211; 14h-17h :\u00a0Projection-Rencontre \u00ab\u00a0Musique et Cin\u00e9ma\u00a0\u00bb en pr\u00e9sence du r\u00e9alisateur Pierre Fourchard\u00a0 et\u00a0de la com\u00e9dienne In\u00e8s Tahar pour la com\u00e9die musicale<a href=\"https:\/\/www.pecheursdimages.fr\/pierre-fourchard-et-ines-tahar\/\" target=\"_blank\" rel=\"noopener\">\u00a0<em>Des cordes dans la gorge<\/em><\/a>\u00a0(ENSAV)\u00a0 avec \u00a0la soci\u00e9t\u00e9 de production <a href=\"https:\/\/www.templecache.com\" target=\"_blank\" rel=\"noopener\">Temple cach\u00e9<\/a> bas\u00e9e \u00e0 Lunel &#8211;\u00a0<em>Cin\u00e9ma Ath\u00e9n\u00e9e de Lunel\u00a0<\/em><\/strong><\/li>\n<\/ul>\n<p><strong>Synopsis :<\/strong> \u00c0 la suite d&rsquo;une rupture amoureuse, In\u00e8s profite d&rsquo;un tournant de vie et tente de provoquer de nouvelles rencontres. Au cours d&rsquo;une soir\u00e9e, d&rsquo;une nuit et d&rsquo;une matin\u00e9e, In\u00e8s chante dans l&rsquo;enthousiasme d&rsquo;une nouvelle vie teint\u00e9e tant\u00f4t de gaiet\u00e9, tant\u00f4t de m\u00e9lancolie.<\/p>\n<p>S\u00e9ance en partenariat avec Occitanie films.<\/p>\n<ul style=\"text-align: justify;\">\n<li><strong>Mercredi 9 juin &#8211; 9h-12h : Master-class sur le film <em>Knit&rsquo;s Island <\/em>&#8211; <em>Amphith\u00e9\u00e2tre du lyc\u00e9e Louis Feuillade (r\u00e9serv\u00e9e aux\u00a0<\/em><\/strong><b><i>lyc\u00e9ens\u00a0en raison des conditions\u00a0sanitaires)<\/i><\/b><\/li>\n<\/ul>\n<p style=\"text-align: justify;\"><strong style=\"font-size: 16px;\"><em><a href=\"https:\/\/www.cnc.fr\/jeu-video\/actualites\/knits-island-le-cinema-sinvite-dans-le-jeu-video_1141563\" target=\"_blank\" rel=\"noopener\">Knit\u2019s Island\u00a0<\/a><\/em>est un d<\/strong><strong style=\"font-size: 16px;\">ocumentaire de cr\u00e9ation<\/strong><span style=\"font-size: 16px;\"> enti\u00e8rement tourn\u00e9 \u00e0 l\u2019aide d\u2019images captur\u00e9es depuis divers <\/span><strong style=\"font-size: 16px;\">jeux vid\u00e9o <\/strong><span style=\"font-size: 16px;\">en r\u00e9seau. Il est<\/span><span style=\"font-size: 16px;\">\u00a0r\u00e9alis\u00e9 par <\/span><strong style=\"font-size: 16px;\">3 anciens \u00e9tudiants<\/strong><span style=\"font-size: 16px;\"> de MO.CO.ESBA de Montpellier, Ekiem Barbier, Guilhem Causse et Quentin L&rsquo;helgouac&rsquo;h. Produit par la soci\u00e9t\u00e9 <\/span><a style=\"font-size: 16px;\" href=\"https:\/\/www.lesfilmsinvisibles.com\/category\/production\/\" target=\"_blank\" rel=\"noopener\"><strong>Les Films invisibles<\/strong><\/a><span style=\"font-size: 16px;\">,\u00a0bas\u00e9e \u00e0 Al\u00e8s, ce projet a re\u00e7u le soutien de la R\u00e9gion Occitanie en partenariat avec le CNC.<\/span><\/p>\n<p style=\"text-align: justify;\"><strong>Synopsis\u00a0:\u00a0<\/strong><span class=\"fontstyle0\">C\u2019est un documentaire sur la d\u00e9couverte d\u2019un monde voisin, presque fondu avec le n\u00f4tre. <\/span><span class=\"fontstyle2\">Sous les traits d\u2019avatars, une \u00e9quipe de tournage p\u00e9n\u00e8tre dans des jeux-vid\u00e9os en ligne et entre en contact avec des \u00ab joueurs \u00bb. Qui sont ces habitants, sont-ils r\u00e9ellement en train de jouer ? \u00c0 travers les rencontres avec ces personnages, leurs histoires, leurs imaginaires et leurs rapports sociaux, ce film nous fait poser un autre regard sur le virtuel et nous questionne sur le devenir de notre monde.<\/span><\/p>\n<p>S\u00e9ance en partenariat avec Occitanie films<\/p>\n<ul style=\"text-align: justify;\">\n<li style=\"text-align: left;\"><strong>Mercredi 9 juin &#8211; 16h30 : Projection du film <em>Bartoli, le dessin pour m\u00e9moire <\/em>(Les Films d&rsquo;Ici m\u00e9diterran\u00e9e) de et avec Vincent Marie &#8211; <em>Cin\u00e9ma Ath\u00e9n\u00e9e de Lunel\u00a0<\/em><\/strong><\/li>\n<\/ul>\n<p style=\"text-align: justify;\"><strong>Synopsis :<\/strong> \u00c0 l\u2019occasion des 80 ans de la Retirada, le cin\u00e9aste historien Vincent Marie revient sur les moments douloureux de la guerre d\u2019Espagne. Le film livre un r\u00e9cit \u00e0 travers l\u2019analyse des oeuvres de Josep Bartoli, un dessinateur r\u00e9publicain espagnol qui a fig\u00e9 l\u2019histoire \u00e0 coups de crayon.<\/p>\n<p>S\u00e9ance en partenariat avec Occitanie films<\/p>\n<ul style=\"text-align: justify;\">\n<li><strong>Mercredi 9 juin &#8211; 18h15 : Projection du film<em> Josep\u00a0<\/em>de Aurel (Les Films d&rsquo;Ici m\u00e9diterran\u00e9e) en pr\u00e9sence du sc\u00e9nariste Jean-Louis Milesi &#8211;\u00a0<em>Cin\u00e9ma Ath\u00e9n\u00e9e de Lunel<\/em><\/strong><\/li>\n<\/ul>\n<p><strong>Synopsis :<\/strong> F\u00e9vrier 1939. Submerg\u00e9 par le flot de R\u00e9publicains fuyant la dictature franquiste, le gouvernement fran\u00e7ais les parque dans des camps. Deux hommes s\u00e9par\u00e9s par les barbel\u00e9s vont se lier d\u2019amiti\u00e9. L\u2019un est gendarme, l\u2019autre est dessinateur. De Barcelone \u00e0 New York, l&rsquo;histoire vraie de Josep Bartol\u00ed, combattant antifranquiste et artiste d&rsquo;exception.<\/p>\n<p>S\u00e9ance en partenariat avec Occitanie films<\/p>\n<ul style=\"text-align: justify;\">\n<li><strong>Jeudi 10 juin &#8211; 18h : Projection <em>Leur Alg\u00e9rie <\/em>en pr\u00e9sence de la r\u00e9alisatrice Lina Soualem &#8211;\u00a0<em>Cin\u00e9ma Ath\u00e9n\u00e9e de Lunel<\/em><\/strong><\/li>\n<\/ul>\n<p><strong>Synopsis<\/strong> : Apr\u00e8s 62 ans de mariage, les grands-parents de Lina, A\u00efcha et Mabrouk, ont d\u00e9cid\u00e9 de se s\u00e9parer. Ensemble, ils \u00e9taient venus d\u2019Alg\u00e9rie \u00e0 Thiers en Auvergne, il y a plus de 60 ans, et c\u00f4te \u00e0 c\u00f4te ils avaient travers\u00e9 cette vie chaotique d\u2019immigr\u00e9.e.s. Pour Lina, leur s\u00e9paration est l\u2019occasion de questionner leur long voyage d\u2019exil et leur silence.<\/p>\n<ul>\n<li style=\"text-align: justify;\"><strong>Vendredi 11 juin &#8211; 18h15 : Projection du film <em>Mandibules<\/em> de Quentin Dupieux, avec pr\u00e9sentation du film &#8211;\u00a0<em>Cin\u00e9ma Ath\u00e9n\u00e9e de Lunel<\/em><\/strong><\/li>\n<\/ul>\n<p style=\"text-align: justify;\"><strong>La r\u00e9alisatrice Lina Soualem et le sc\u00e9nariste Jean-Louis Milesi animeront des ateliers avec les lyc\u00e9ens.<\/strong><\/p>\n","protected":false},"excerpt":{"rendered":"<p>Les Rencontres Cin\u00e9-Jeunes sont le fruit d\u2019un partenariat entre l&rsquo;association P\u00eacheurs d\u2019Images \u00e0 Lunel et le lyc\u00e9e Louis Feuillade. Chaque ann\u00e9e, elles proposent des \u00e9changes vari\u00e9s et privil\u00e9gi\u00e9s entre lyc\u00e9ens [&hellip;]<\/p>\n","protected":false},"author":1,"featured_media":475,"template":"","meta":{"site-sidebar-layout":"default","site-content-layout":"default","ast-site-content-layout":"default","site-content-style":"default","site-sidebar-style":"default","ast-global-header-display":"","ast-banner-title-visibility":"","ast-main-header-display":"","ast-hfb-above-header-display":"","ast-hfb-below-header-display":"","ast-hfb-mobile-header-display":"","site-post-title":"","ast-breadcrumbs-content":"","ast-featured-img":"","footer-sml-layout":"","ast-disable-related-posts":"","theme-transparent-header-meta":"default","adv-header-id-meta":"","stick-header-meta":"","header-above-stick-meta":"","header-main-stick-meta":"","header-below-stick-meta":"","astra-migrate-meta-layouts":"set","ast-page-background-enabled":"default","ast-page-background-meta":{"desktop":{"background-color":"var(--ast-global-color-4)","background-image":"","background-repeat":"repeat","background-position":"center center","background-size":"auto","background-attachment":"scroll","background-type":"","background-media":"","overlay-type":"","overlay-color":"","overlay-opacity":"","overlay-gradient":""},"tablet":{"background-color":"","background-image":"","background-repeat":"repeat","background-position":"center center","background-size":"auto","background-attachment":"scroll","background-type":"","background-media":"","overlay-type":"","overlay-color":"","overlay-opacity":"","overlay-gradient":""},"mobile":{"background-color":"","background-image":"","background-repeat":"repeat","background-position":"center center","background-size":"auto","background-attachment":"scroll","background-type":"","background-media":"","overlay-type":"","overlay-color":"","overlay-opacity":"","overlay-gradient":""}},"ast-content-background-meta":{"desktop":{"background-color":"var(--ast-global-color-5)","background-image":"","background-repeat":"repeat","background-position":"center center","background-size":"auto","background-attachment":"scroll","background-type":"","background-media":"","overlay-type":"","overlay-color":"","overlay-opacity":"","overlay-gradient":""},"tablet":{"background-color":"var(--ast-global-color-5)","background-image":"","background-repeat":"repeat","background-position":"center center","background-size":"auto","background-attachment":"scroll","background-type":"","background-media":"","overlay-type":"","overlay-color":"","overlay-opacity":"","overlay-gradient":""},"mobile":{"background-color":"var(--ast-global-color-5)","background-image":"","background-repeat":"repeat","background-position":"center center","background-size":"auto","background-attachment":"scroll","background-type":"","background-media":"","overlay-type":"","overlay-color":"","overlay-opacity":"","overlay-gradient":""}},"_EventAllDay":false,"_EventTimezone":"","_EventStartDate":"","_EventEndDate":"","_EventStartDateUTC":"","_EventEndDateUTC":"","_EventShowMap":false,"_EventShowMapLink":false,"_EventURL":"","_EventCost":"","_EventCostDescription":"","_EventCurrencySymbol":"","_EventCurrencyCode":"","_EventCurrencyPosition":"","_EventDateTimeSeparator":"","_EventTimeRangeSeparator":"","_EventOrganizerID":[],"_EventVenueID":[],"_OrganizerEmail":"","_OrganizerPhone":"","_OrganizerWebsite":"","_VenueAddress":"","_VenueCity":"","_VenueCountry":"","_VenueProvince":"","_VenueState":"","_VenueZip":"","_VenuePhone":"","_VenueURL":"","_VenueStateProvince":"","_VenueLat":"","_VenueLng":"","_VenueShowMap":false,"_VenueShowMapLink":false},"tags":[],"mec_category":[34,4],"class_list":["post-472","mec-events","type-mec-events","status-publish","has-post-thumbnail","hentry","mec_category-agenda-des-festivals","mec_category-lherault-34"],"_links":{"self":[{"href":"https:\/\/www.agendadesfestivals.occitanie-films.fr\/index.php\/wp-json\/wp\/v2\/mec-events\/472","targetHints":{"allow":["GET"]}}],"collection":[{"href":"https:\/\/www.agendadesfestivals.occitanie-films.fr\/index.php\/wp-json\/wp\/v2\/mec-events"}],"about":[{"href":"https:\/\/www.agendadesfestivals.occitanie-films.fr\/index.php\/wp-json\/wp\/v2\/types\/mec-events"}],"author":[{"embeddable":true,"href":"https:\/\/www.agendadesfestivals.occitanie-films.fr\/index.php\/wp-json\/wp\/v2\/users\/1"}],"wp:featuredmedia":[{"embeddable":true,"href":"https:\/\/www.agendadesfestivals.occitanie-films.fr\/index.php\/wp-json\/wp\/v2\/media\/475"}],"wp:attachment":[{"href":"https:\/\/www.agendadesfestivals.occitanie-films.fr\/index.php\/wp-json\/wp\/v2\/media?parent=472"}],"wp:term":[{"taxonomy":"post_tag","embeddable":true,"href":"https:\/\/www.agendadesfestivals.occitanie-films.fr\/index.php\/wp-json\/wp\/v2\/tags?post=472"},{"taxonomy":"mec_category","embeddable":true,"href":"https:\/\/www.agendadesfestivals.occitanie-films.fr\/index.php\/wp-json\/wp\/v2\/mec_category?post=472"}],"curies":[{"name":"wp","href":"https:\/\/api.w.org\/{rel}","templated":true}]}}