{"id":239,"date":"2025-01-08T15:41:21","date_gmt":"2025-01-08T14:41:21","guid":{"rendered":"http:\/\/www.agendadesfestivals.occitanie-films.fr\/?post_type=mec-events&#038;p=239"},"modified":"2026-01-29T15:06:58","modified_gmt":"2026-01-29T14:06:58","slug":"festival-international-du-film-politique-de-carcassonne","status":"publish","type":"mec-events","link":"https:\/\/www.agendadesfestivals.occitanie-films.fr\/index.php\/events\/festival-international-du-film-politique-de-carcassonne\/","title":{"rendered":"Festival International du Film Politique de Carcassonne"},"content":{"rendered":"<div class=\"row\">\n<div id=\"bloc-169\" class=\"kodablok col-sm-12\">\n<p>Cr\u00e9\u00e9 en 2018 par l\u2019Association Regard Cam\u00e9ra, le <strong>Festival International du Film Politique de Carcassonne<\/strong>, est un festival de cin\u00e9ma dont la programmation concerne tant les spectateurs que les citoyens que nous sommes toutes et tous. La septi\u00e8me \u00e9dition aura lieu <strong>du 15 au 19 janvier 2026<\/strong>.<\/p>\n<p>Fond\u00e9 sur des valeurs humaines et citoyennes, autour de la passion du 7e art, le Festival met en lumi\u00e8re ce cin\u00e9ma dont l\u2019importance et la pertinence marquent notre conscience individuelle et collective. Alors que la politique est commun\u00e9ment confin\u00e9e aux enjeux partisans et \u00e9lectoraux, seuls les artistes et les \u0153uvres sont mis en avant au Festival, cr\u00e9ant ainsi un moment de cin\u00e9ma et de citoyennet\u00e9 unique.<\/p>\n<p>\u00c0 Carcassonne, le Festival c\u00e9l\u00e8bre celles et ceux qui \u00e9crivent, r\u00e9alisent, produisent, participent \u00e0 faire exister ce cin\u00e9ma qui nous interpelle, nous questionne et nous bouscule. Il transforme ainsi Carcassonne, son c\u0153ur de ville et son patrimoine m\u00e9di\u00e9val, en une cit\u00e9 du cin\u00e9ma politique fran\u00e7ais et international.<\/p>\n<\/div>\n<\/div>\n<div class=\"row\">\n<div id=\"bloc-167\" class=\"kodablok col-sm-12\">\n<p>Le Festival se donne pour mission de promouvoir le 7e art tout en renfor\u00e7ant l\u2019attractivit\u00e9 \u00e9conomique de la r\u00e9gion. Il offre au public ainsi qu\u2019\u00e0 ses partenaires une exp\u00e9rience prestigieuse, b\u00e9n\u00e9ficiant d\u2019une reconnaissance nationale et internationale. En tant que seul festival de cin\u00e9ma en France enti\u00e8rement d\u00e9di\u00e9 \u00e0 cette th\u00e9matique et en accueillant des invit\u00e9s renomm\u00e9s du cin\u00e9ma fran\u00e7ais et \u00e9tranger, le Festival poursuit ses ambitions tant sur le plan national qu\u2019international.<\/p>\n<\/div>\n<\/div>\n<p>\uff5c<strong>Site internet<\/strong>\uff5c<a href=\"https:\/\/festival-cinema-carcassonne.org\/fr\">https:\/\/festival-cinema-carcassonne.org\/fr<\/a>\uff5c<br \/>\n\uff5c<strong>Instagram<\/strong>\uff5c<a href=\"https:\/\/www.instagram.com\/festivalinterfilmpolitique\/\">https:\/\/www.instagram.com\/festivalinterfilmpolitique\/<\/a>\uff5c<br \/>\n\uff5c<strong>Facebook<\/strong>\uff5c<a href=\"https:\/\/www.facebook.com\/FIFPoccitanie\">https:\/\/www.facebook.com\/FIFPoccitanie<\/a>\uff5c<br \/>\n\uff5c<strong>X<\/strong>\uff5c<a href=\"https:\/\/x.com\/festivalfilmpol?lang=fr&amp;mx=2\">https:\/\/x.com\/festivalfilmpol?lang=fr&amp;mx=2<\/a>\uff5c<\/p>\n<div id=\"mailtorapidetoModal\" style=\"z-index: 20002;\">\n<div id=\"mailtorapidetoContentPopupModal\">\n<p>&nbsp;<\/p>\n<\/div>\n<\/div>\n","protected":false},"excerpt":{"rendered":"<p>Cr\u00e9\u00e9 en 2018 par l\u2019Association Regard Cam\u00e9ra, le Festival International du Film Politique de Carcassonne, est un festival de cin\u00e9ma dont la programmation concerne tant les spectateurs que les citoyens [&hellip;]<\/p>\n","protected":false},"author":1,"featured_media":12148,"template":"","meta":{"site-sidebar-layout":"default","site-content-layout":"default","ast-site-content-layout":"default","site-content-style":"default","site-sidebar-style":"default","ast-global-header-display":"","ast-banner-title-visibility":"","ast-main-header-display":"","ast-hfb-above-header-display":"","ast-hfb-below-header-display":"","ast-hfb-mobile-header-display":"","site-post-title":"","ast-breadcrumbs-content":"","ast-featured-img":"","footer-sml-layout":"","ast-disable-related-posts":"","theme-transparent-header-meta":"default","adv-header-id-meta":"","stick-header-meta":"","header-above-stick-meta":"","header-main-stick-meta":"","header-below-stick-meta":"","astra-migrate-meta-layouts":"set","ast-page-background-enabled":"default","ast-page-background-meta":{"desktop":{"background-color":"var(--ast-global-color-4)","background-image":"","background-repeat":"repeat","background-position":"center center","background-size":"auto","background-attachment":"scroll","background-type":"","background-media":"","overlay-type":"","overlay-color":"","overlay-opacity":"","overlay-gradient":""},"tablet":{"background-color":"","background-image":"","background-repeat":"repeat","background-position":"center center","background-size":"auto","background-attachment":"scroll","background-type":"","background-media":"","overlay-type":"","overlay-color":"","overlay-opacity":"","overlay-gradient":""},"mobile":{"background-color":"","background-image":"","background-repeat":"repeat","background-position":"center center","background-size":"auto","background-attachment":"scroll","background-type":"","background-media":"","overlay-type":"","overlay-color":"","overlay-opacity":"","overlay-gradient":""}},"ast-content-background-meta":{"desktop":{"background-color":"var(--ast-global-color-5)","background-image":"","background-repeat":"repeat","background-position":"center center","background-size":"auto","background-attachment":"scroll","background-type":"","background-media":"","overlay-type":"","overlay-color":"","overlay-opacity":"","overlay-gradient":""},"tablet":{"background-color":"var(--ast-global-color-5)","background-image":"","background-repeat":"repeat","background-position":"center center","background-size":"auto","background-attachment":"scroll","background-type":"","background-media":"","overlay-type":"","overlay-color":"","overlay-opacity":"","overlay-gradient":""},"mobile":{"background-color":"var(--ast-global-color-5)","background-image":"","background-repeat":"repeat","background-position":"center center","background-size":"auto","background-attachment":"scroll","background-type":"","background-media":"","overlay-type":"","overlay-color":"","overlay-opacity":"","overlay-gradient":""}},"_EventAllDay":false,"_EventTimezone":"","_EventStartDate":"","_EventEndDate":"","_EventStartDateUTC":"","_EventEndDateUTC":"","_EventShowMap":false,"_EventShowMapLink":false,"_EventURL":"","_EventCost":"","_EventCostDescription":"","_EventCurrencySymbol":"","_EventCurrencyCode":"","_EventCurrencyPosition":"","_EventDateTimeSeparator":"","_EventTimeRangeSeparator":"","_EventOrganizerID":[],"_EventVenueID":[],"_OrganizerEmail":"","_OrganizerPhone":"","_OrganizerWebsite":"","_VenueAddress":"","_VenueCity":"","_VenueCountry":"","_VenueProvince":"","_VenueState":"","_VenueZip":"","_VenuePhone":"","_VenueURL":"","_VenueStateProvince":"","_VenueLat":"","_VenueLng":"","_VenueShowMap":false,"_VenueShowMapLink":false},"tags":[83,82,79,81,80],"mec_category":[34,7],"class_list":["post-239","mec-events","type-mec-events","status-publish","has-post-thumbnail","hentry","tag-aude","tag-carcassonne","tag-festival","tag-janvier","tag-politique","mec_category-agenda-des-festivals","mec_category-laude-11"],"_links":{"self":[{"href":"https:\/\/www.agendadesfestivals.occitanie-films.fr\/index.php\/wp-json\/wp\/v2\/mec-events\/239","targetHints":{"allow":["GET"]}}],"collection":[{"href":"https:\/\/www.agendadesfestivals.occitanie-films.fr\/index.php\/wp-json\/wp\/v2\/mec-events"}],"about":[{"href":"https:\/\/www.agendadesfestivals.occitanie-films.fr\/index.php\/wp-json\/wp\/v2\/types\/mec-events"}],"author":[{"embeddable":true,"href":"https:\/\/www.agendadesfestivals.occitanie-films.fr\/index.php\/wp-json\/wp\/v2\/users\/1"}],"wp:featuredmedia":[{"embeddable":true,"href":"https:\/\/www.agendadesfestivals.occitanie-films.fr\/index.php\/wp-json\/wp\/v2\/media\/12148"}],"wp:attachment":[{"href":"https:\/\/www.agendadesfestivals.occitanie-films.fr\/index.php\/wp-json\/wp\/v2\/media?parent=239"}],"wp:term":[{"taxonomy":"post_tag","embeddable":true,"href":"https:\/\/www.agendadesfestivals.occitanie-films.fr\/index.php\/wp-json\/wp\/v2\/tags?post=239"},{"taxonomy":"mec_category","embeddable":true,"href":"https:\/\/www.agendadesfestivals.occitanie-films.fr\/index.php\/wp-json\/wp\/v2\/mec_category?post=239"}],"curies":[{"name":"wp","href":"https:\/\/api.w.org\/{rel}","templated":true}]}}