{"id":216,"date":"2020-11-18T10:48:39","date_gmt":"2020-11-18T09:48:39","guid":{"rendered":"http:\/\/www.agendadesfestivals.occitanie-films.fr\/?post_type=mec-events&#038;p=216"},"modified":"2025-09-15T09:52:00","modified_gmt":"2025-09-15T07:52:00","slug":"festival-aerospatial-des-etoiles-et-des-ailes","status":"publish","type":"mec-events","link":"https:\/\/www.agendadesfestivals.occitanie-films.fr\/index.php\/events\/festival-aerospatial-des-etoiles-et-des-ailes\/","title":{"rendered":"Festival A\u00e9rospatial des Etoiles et des Ailes"},"content":{"rendered":"<p>Cr\u00e9\u00e9e en 2010, l\u2019Association des \u00c9toiles et des Ailes est n\u00e9e de la volont\u00e9 de diffuser une culture artistique et scientifique en lien avec l\u2019a\u00e9ronautique et le spatial et ce au travers d\u2019un \u00e9v\u00e9nement majeur : le festival a\u00e9rospatial. Le festival A\u00e9rospatial r\u00e9unit petits et grands, amateurs, n\u00e9ophytes et passionn\u00e9s autour d\u2019animations, de projections de films, de conf\u00e9rences et d\u2019un salon du livre et de la bande-dessin\u00e9e. Il a lieu en octobre.<\/p>\n<div id=\"mailtorapidetoModal\" style=\"z-index: 20002;\">\n<div id=\"mailtorapidetoContentPopupModal\">\n<div><strong>\uff5cSite internet\uff5c<\/strong><a href=\"https:\/\/festival.desetoilesetdesailes.com\/\">Festival a\u00e9rospatial<\/a><strong>\uff5c<br \/>\n\uff5cProgramme\uff5c<\/strong><a href=\"https:\/\/festival.desetoilesetdesailes.com\/programmation-festival-aerospatial\/\"> 10\u00e8me \u00e9dition<\/a><strong>\uff5c<br \/>\n<\/strong><\/div>\n<div><strong>\uff5cFacebook\uff5c<\/strong><a href=\"https:\/\/www.facebook.com\/desetoilesetdesailes#\">Festival a\u00e9rospatial<\/a><strong>\uff5c<\/strong><br \/>\n<strong>\uff5cYoutube\uff5c<\/strong><a href=\"https:\/\/www.youtube.com\/channel\/UCHjqTA261Hwvabtw_gMBgHw\">Festival a\u00e9rospatial<\/a><strong>\uff5c<\/strong><\/div>\n<\/div>\n<\/div>\n","protected":false},"excerpt":{"rendered":"<p>Cr\u00e9\u00e9e en 2010, l\u2019Association des \u00c9toiles et des Ailes est n\u00e9e de la volont\u00e9 de diffuser une culture artistique et scientifique en lien avec l\u2019a\u00e9ronautique et le spatial et ce [&hellip;]<\/p>\n","protected":false},"author":1,"featured_media":396,"template":"","meta":{"site-sidebar-layout":"default","site-content-layout":"default","ast-site-content-layout":"default","site-content-style":"default","site-sidebar-style":"default","ast-global-header-display":"","ast-banner-title-visibility":"","ast-main-header-display":"","ast-hfb-above-header-display":"","ast-hfb-below-header-display":"","ast-hfb-mobile-header-display":"","site-post-title":"","ast-breadcrumbs-content":"","ast-featured-img":"","footer-sml-layout":"","ast-disable-related-posts":"","theme-transparent-header-meta":"default","adv-header-id-meta":"","stick-header-meta":"","header-above-stick-meta":"","header-main-stick-meta":"","header-below-stick-meta":"","astra-migrate-meta-layouts":"set","ast-page-background-enabled":"default","ast-page-background-meta":{"desktop":{"background-color":"var(--ast-global-color-4)","background-image":"","background-repeat":"repeat","background-position":"center center","background-size":"auto","background-attachment":"scroll","background-type":"","background-media":"","overlay-type":"","overlay-color":"","overlay-opacity":"","overlay-gradient":""},"tablet":{"background-color":"","background-image":"","background-repeat":"repeat","background-position":"center center","background-size":"auto","background-attachment":"scroll","background-type":"","background-media":"","overlay-type":"","overlay-color":"","overlay-opacity":"","overlay-gradient":""},"mobile":{"background-color":"","background-image":"","background-repeat":"repeat","background-position":"center center","background-size":"auto","background-attachment":"scroll","background-type":"","background-media":"","overlay-type":"","overlay-color":"","overlay-opacity":"","overlay-gradient":""}},"ast-content-background-meta":{"desktop":{"background-color":"var(--ast-global-color-5)","background-image":"","background-repeat":"repeat","background-position":"center center","background-size":"auto","background-attachment":"scroll","background-type":"","background-media":"","overlay-type":"","overlay-color":"","overlay-opacity":"","overlay-gradient":""},"tablet":{"background-color":"var(--ast-global-color-5)","background-image":"","background-repeat":"repeat","background-position":"center center","background-size":"auto","background-attachment":"scroll","background-type":"","background-media":"","overlay-type":"","overlay-color":"","overlay-opacity":"","overlay-gradient":""},"mobile":{"background-color":"var(--ast-global-color-5)","background-image":"","background-repeat":"repeat","background-position":"center center","background-size":"auto","background-attachment":"scroll","background-type":"","background-media":"","overlay-type":"","overlay-color":"","overlay-opacity":"","overlay-gradient":""}},"_EventAllDay":false,"_EventTimezone":"","_EventStartDate":"","_EventEndDate":"","_EventStartDateUTC":"","_EventEndDateUTC":"","_EventShowMap":false,"_EventShowMapLink":false,"_EventURL":"","_EventCost":"","_EventCostDescription":"","_EventCurrencySymbol":"","_EventCurrencyCode":"","_EventCurrencyPosition":"","_EventDateTimeSeparator":"","_EventTimeRangeSeparator":"","_EventOrganizerID":[],"_EventVenueID":[],"_OrganizerEmail":"","_OrganizerPhone":"","_OrganizerWebsite":"","_VenueAddress":"","_VenueCity":"","_VenueCountry":"","_VenueProvince":"","_VenueState":"","_VenueZip":"","_VenuePhone":"","_VenueURL":"","_VenueStateProvince":"","_VenueLat":"","_VenueLng":"","_VenueShowMap":false,"_VenueShowMapLink":false},"tags":[],"mec_category":[34,10],"class_list":["post-216","mec-events","type-mec-events","status-publish","has-post-thumbnail","hentry","mec_category-agenda-des-festivals","mec_category-la-haute-garonne-31"],"_links":{"self":[{"href":"https:\/\/www.agendadesfestivals.occitanie-films.fr\/index.php\/wp-json\/wp\/v2\/mec-events\/216","targetHints":{"allow":["GET"]}}],"collection":[{"href":"https:\/\/www.agendadesfestivals.occitanie-films.fr\/index.php\/wp-json\/wp\/v2\/mec-events"}],"about":[{"href":"https:\/\/www.agendadesfestivals.occitanie-films.fr\/index.php\/wp-json\/wp\/v2\/types\/mec-events"}],"author":[{"embeddable":true,"href":"https:\/\/www.agendadesfestivals.occitanie-films.fr\/index.php\/wp-json\/wp\/v2\/users\/1"}],"wp:featuredmedia":[{"embeddable":true,"href":"https:\/\/www.agendadesfestivals.occitanie-films.fr\/index.php\/wp-json\/wp\/v2\/media\/396"}],"wp:attachment":[{"href":"https:\/\/www.agendadesfestivals.occitanie-films.fr\/index.php\/wp-json\/wp\/v2\/media?parent=216"}],"wp:term":[{"taxonomy":"post_tag","embeddable":true,"href":"https:\/\/www.agendadesfestivals.occitanie-films.fr\/index.php\/wp-json\/wp\/v2\/tags?post=216"},{"taxonomy":"mec_category","embeddable":true,"href":"https:\/\/www.agendadesfestivals.occitanie-films.fr\/index.php\/wp-json\/wp\/v2\/mec_category?post=216"}],"curies":[{"name":"wp","href":"https:\/\/api.w.org\/{rel}","templated":true}]}}