{"id":137,"date":"2020-10-16T11:06:35","date_gmt":"2020-10-16T09:06:35","guid":{"rendered":"http:\/\/www.agendadesfestivals.occitanie-films.fr\/?post_type=mec-events&#038;p=137"},"modified":"2026-01-26T14:29:29","modified_gmt":"2026-01-26T13:29:29","slug":"journees-du-cinema-suisse","status":"publish","type":"mec-events","link":"https:\/\/www.agendadesfestivals.occitanie-films.fr\/index.php\/events\/journees-du-cinema-suisse\/","title":{"rendered":"Journ\u00e9es du Cin\u00e9ma Suisse"},"content":{"rendered":"<p style=\"text-align: justify;\">Organis\u00e9e par l&rsquo;association C&rsquo;est Rare Films, la 18e \u00e9dition des <strong>Journ\u00e9es du Cin\u00e9ma Suisse<\/strong> se tiendra du <strong>4 au 8 f\u00e9vrier 2026<\/strong> dans les cin\u00e9mas <strong>Utopia Saint-Bernadette<\/strong>, <strong>Nestor Burma <\/strong>et au<strong> Centre Rabelais<\/strong>\u00a0\u00e0 Montpellier.<\/p>\n<p style=\"text-align: justify;\">Comme chaque ann\u00e9e, les films retenus repr\u00e9sentent les trois communaut\u00e9s linguistiques de la Suisse (suisse-allemand, fran\u00e7ais et italien). Des fictions et documentaires qui, par leur richesse et leur diversit\u00e9, abordent plusieurs th\u00e9matiques soci\u00e9tales actuelles ou pass\u00e9es et notamment, cette ann\u00e9e, toutes les questions autour de \u00ab La Famille \u00bb. Ce sera l&rsquo;occasion de d\u00e9couvrir <em><strong>H\u00f4tel Silence<\/strong><\/em> r\u00e9alis\u00e9 par L\u00e9a Pool le<strong> samedi 7 f\u00e9vrier \u00e0 20h au Centre Rabelais<\/strong>.<\/p>\n<p class=\"western\" style=\"text-align: justify;\">\uff5c<strong>Site internet<\/strong>\uff5c<a href=\"https:\/\/cestrarefilm.com\/15e-journees-du-cinema-suisse-du-4-au-6-fevrier-2022-programmation\/\">Journ\u00e9es du Cin\u00e9ma Suisse<\/a>\uff5c<br \/>\n\uff5c<strong>Programme<\/strong>\uff5c<a href=\"https:\/\/cestrarefilm.com\/wp-content\/uploads\/2026\/01\/programmejcs2026.pdf\">18e \u00e9dition<\/a>\uff5c<br \/>\n\uff5c<strong>Facebook<\/strong>\uff5c<a href=\"https:\/\/www.facebook.com\/CineSuisseMontpellier?ref=embed_page\">Journ\u00e9es du Cin\u00e9ma Suisse<\/a>\uff5c<br \/>\n\uff5c<strong>Instagram<\/strong>\uff5c<a href=\"https:\/\/www.instagram.com\/journeeducinemasuisse\/\">Journ\u00e9es du Cin\u00e9ma Suisse<\/a>\uff5c<\/p>\n<p>&nbsp;<\/p>\n<div id=\"mailtorapidetoModal\" style=\"z-index: 20002;\">\n<div id=\"mailtorapidetoContentPopupModal\">\n<div id=\"mailtorapidetoModalPopupCloseMail\"><\/div>\n<\/div>\n<\/div>\n<div><\/div>\n","protected":false},"excerpt":{"rendered":"<p>Organis\u00e9e par l&rsquo;association C&rsquo;est Rare Films, la 18e \u00e9dition des Journ\u00e9es du Cin\u00e9ma Suisse se tiendra du 4 au 8 f\u00e9vrier 2026 dans les cin\u00e9mas Utopia Saint-Bernadette, Nestor Burma et [&hellip;]<\/p>\n","protected":false},"author":1,"featured_media":11904,"template":"","meta":{"site-sidebar-layout":"default","site-content-layout":"default","ast-site-content-layout":"default","site-content-style":"default","site-sidebar-style":"default","ast-global-header-display":"","ast-banner-title-visibility":"","ast-main-header-display":"","ast-hfb-above-header-display":"","ast-hfb-below-header-display":"","ast-hfb-mobile-header-display":"","site-post-title":"","ast-breadcrumbs-content":"","ast-featured-img":"","footer-sml-layout":"","ast-disable-related-posts":"","theme-transparent-header-meta":"default","adv-header-id-meta":"","stick-header-meta":"","header-above-stick-meta":"","header-main-stick-meta":"","header-below-stick-meta":"","astra-migrate-meta-layouts":"set","ast-page-background-enabled":"default","ast-page-background-meta":{"desktop":{"background-color":"var(--ast-global-color-4)","background-image":"","background-repeat":"repeat","background-position":"center center","background-size":"auto","background-attachment":"scroll","background-type":"","background-media":"","overlay-type":"","overlay-color":"","overlay-opacity":"","overlay-gradient":""},"tablet":{"background-color":"","background-image":"","background-repeat":"repeat","background-position":"center center","background-size":"auto","background-attachment":"scroll","background-type":"","background-media":"","overlay-type":"","overlay-color":"","overlay-opacity":"","overlay-gradient":""},"mobile":{"background-color":"","background-image":"","background-repeat":"repeat","background-position":"center center","background-size":"auto","background-attachment":"scroll","background-type":"","background-media":"","overlay-type":"","overlay-color":"","overlay-opacity":"","overlay-gradient":""}},"ast-content-background-meta":{"desktop":{"background-color":"var(--ast-global-color-5)","background-image":"","background-repeat":"repeat","background-position":"center center","background-size":"auto","background-attachment":"scroll","background-type":"","background-media":"","overlay-type":"","overlay-color":"","overlay-opacity":"","overlay-gradient":""},"tablet":{"background-color":"var(--ast-global-color-5)","background-image":"","background-repeat":"repeat","background-position":"center center","background-size":"auto","background-attachment":"scroll","background-type":"","background-media":"","overlay-type":"","overlay-color":"","overlay-opacity":"","overlay-gradient":""},"mobile":{"background-color":"var(--ast-global-color-5)","background-image":"","background-repeat":"repeat","background-position":"center center","background-size":"auto","background-attachment":"scroll","background-type":"","background-media":"","overlay-type":"","overlay-color":"","overlay-opacity":"","overlay-gradient":""}},"_EventAllDay":false,"_EventTimezone":"","_EventStartDate":"","_EventEndDate":"","_EventStartDateUTC":"","_EventEndDateUTC":"","_EventShowMap":false,"_EventShowMapLink":false,"_EventURL":"","_EventCost":"","_EventCostDescription":"","_EventCurrencySymbol":"","_EventCurrencyCode":"","_EventCurrencyPosition":"","_EventDateTimeSeparator":"","_EventTimeRangeSeparator":"","_EventOrganizerID":[],"_EventVenueID":[],"_OrganizerEmail":"","_OrganizerPhone":"","_OrganizerWebsite":"","_VenueAddress":"","_VenueCity":"","_VenueCountry":"","_VenueProvince":"","_VenueState":"","_VenueZip":"","_VenuePhone":"","_VenueURL":"","_VenueStateProvince":"","_VenueLat":"","_VenueLng":"","_VenueShowMap":false,"_VenueShowMapLink":false},"tags":[],"mec_category":[4],"class_list":["post-137","mec-events","type-mec-events","status-publish","has-post-thumbnail","hentry","mec_category-lherault-34"],"_links":{"self":[{"href":"https:\/\/www.agendadesfestivals.occitanie-films.fr\/index.php\/wp-json\/wp\/v2\/mec-events\/137","targetHints":{"allow":["GET"]}}],"collection":[{"href":"https:\/\/www.agendadesfestivals.occitanie-films.fr\/index.php\/wp-json\/wp\/v2\/mec-events"}],"about":[{"href":"https:\/\/www.agendadesfestivals.occitanie-films.fr\/index.php\/wp-json\/wp\/v2\/types\/mec-events"}],"author":[{"embeddable":true,"href":"https:\/\/www.agendadesfestivals.occitanie-films.fr\/index.php\/wp-json\/wp\/v2\/users\/1"}],"wp:featuredmedia":[{"embeddable":true,"href":"https:\/\/www.agendadesfestivals.occitanie-films.fr\/index.php\/wp-json\/wp\/v2\/media\/11904"}],"wp:attachment":[{"href":"https:\/\/www.agendadesfestivals.occitanie-films.fr\/index.php\/wp-json\/wp\/v2\/media?parent=137"}],"wp:term":[{"taxonomy":"post_tag","embeddable":true,"href":"https:\/\/www.agendadesfestivals.occitanie-films.fr\/index.php\/wp-json\/wp\/v2\/tags?post=137"},{"taxonomy":"mec_category","embeddable":true,"href":"https:\/\/www.agendadesfestivals.occitanie-films.fr\/index.php\/wp-json\/wp\/v2\/mec_category?post=137"}],"curies":[{"name":"wp","href":"https:\/\/api.w.org\/{rel}","templated":true}]}}