{"id":11884,"date":"2025-10-20T14:33:30","date_gmt":"2025-10-20T12:33:30","guid":{"rendered":"https:\/\/www.agendadesfestivals.occitanie-films.fr\/?post_type=mec-events&#038;p=11884"},"modified":"2025-10-20T14:33:30","modified_gmt":"2025-10-20T12:33:30","slug":"cinema-en-balade","status":"publish","type":"mec-events","link":"https:\/\/www.agendadesfestivals.occitanie-films.fr\/index.php\/events\/cinema-en-balade\/","title":{"rendered":"Cin\u00e9ma en Balade"},"content":{"rendered":"<div class=\"mec-event-content\">\n<div class=\"mec-single-event-description mec-events-content\">\n<div class=\"elementor-element elementor-element-daad17f elementor-widget__width-initial elementor-widget-tablet__width-initial elementor-widget elementor-widget-text-editor\" data-id=\"daad17f\" data-element_type=\"widget\" data-widget_type=\"text-editor.default\">\n<div class=\"elementor-widget-container\">\n<p>Du <strong>7 au 29 novembre<\/strong>, Le D\u00e9partement du Tarn et la M\u00e9diath\u00e8que d\u00e9partementale vous invitent \u00e0 une nouvelle \u00e9dition de <strong>Cin\u00e9ma en Balade<\/strong>, un rendez-vous culturel itin\u00e9rant pour d\u00e9couvrir des documentaires riches en humanit\u00e9, en aventures et en po\u00e9sie.<\/p>\n<p>Ces films, soigneusement s\u00e9lectionn\u00e9s, sont autant de fen\u00eatres ouvertes sur le monde, des histoires qui questionnent, \u00e9meuvent et inspirent.<\/p>\n<p>Cette ann\u00e9e, huit biblioth\u00e8ques du r\u00e9seau tarnais ainsi que le Mus\u00e9e-mine d\u00e9partemental, vous accueilleront pour des s\u00e9ances uniques, suivies d\u2019\u00e9changes avec les r\u00e9alisateurs ou des passionn\u00e9s.<\/p>\n<p>Ces moments de partage, port\u00e9s par nos partenaires de toujours, Cin\u00e9cran et Cin\u00e9forum, et enrichis avec l\u2019arriv\u00e9e de La Cabane \u00e0 Films, sont l\u2019occasion de c\u00e9l\u00e9brer ensemble la force du cin\u00e9ma documentaire et le pouvoir du dialogue.<\/p>\n<p>Notre volont\u00e9 est de rendre la culture accessible \u00e0 tous, au c\u0153ur de tous nos territoires.<\/p>\n<p>C\u2019est pourquoi nous travaillons en partenariat \u00e9troit avec le r\u00e9seau des biblioth\u00e8ques pour aller \u00e0 la rencontre de tous les habitants.<\/p>\n<p>&nbsp;<\/p>\n<p>Bonne balade cin\u00e9matographique \u00e0 toutes et \u00e0 tous !<\/p>\n<\/div>\n<\/div>\n<p><strong>\uff5cSite internet\uff5c<\/strong><a href=\"https:\/\/mediatheque.tarn.fr\/l-action-culturelle\/cinema-en-balade\" target=\"_blank\" rel=\"noopener\">https:\/\/mediatheque.tarn.fr\/l-action-culturelle\/cinema-en-balade<\/a><strong>\uff5c<br \/>\n\uff5cProgramme\uff5c<\/strong><a href=\"https:\/\/www.calameo.com\/read\/00154760987aec9a454eb\" target=\"_blank\" rel=\"noopener\">https:\/\/www.calameo.com\/read\/00154760987aec9a454eb<\/a><strong>\uff5c<br \/>\n\uff5cInstagram\uff5c<\/strong><a href=\"https:\/\/www.instagram.com\/mdt_tarn\/\" target=\"_blank\" rel=\"noopener\"> https:\/\/www.instagram.com\/mdt_tarn\/<\/a><strong>\uff5c<br \/>\n\uff5cFacebook\uff5c<\/strong><a href=\"https:\/\/www.facebook.com\/mediatheque.dutarn\/\" target=\"_blank\" rel=\"noopener\">https:\/\/www.facebook.com\/mediatheque.dutarn\/<\/a><strong>\uff5c<\/strong><\/p>\n<\/div>\n<\/div>\n<div class=\"mec-event-social mec-frontbox\"><\/div>\n","protected":false},"excerpt":{"rendered":"<p>Du 7 au 29 novembre, Le D\u00e9partement du Tarn et la M\u00e9diath\u00e8que d\u00e9partementale vous invitent \u00e0 une nouvelle \u00e9dition de Cin\u00e9ma en Balade, un rendez-vous culturel itin\u00e9rant pour d\u00e9couvrir des [&hellip;]<\/p>\n","protected":false},"author":1,"featured_media":11885,"template":"","meta":{"site-sidebar-layout":"default","site-content-layout":"","ast-site-content-layout":"default","site-content-style":"default","site-sidebar-style":"default","ast-global-header-display":"","ast-banner-title-visibility":"","ast-main-header-display":"","ast-hfb-above-header-display":"","ast-hfb-below-header-display":"","ast-hfb-mobile-header-display":"","site-post-title":"","ast-breadcrumbs-content":"","ast-featured-img":"","footer-sml-layout":"","ast-disable-related-posts":"","theme-transparent-header-meta":"default","adv-header-id-meta":"","stick-header-meta":"","header-above-stick-meta":"","header-main-stick-meta":"","header-below-stick-meta":"","astra-migrate-meta-layouts":"set","ast-page-background-enabled":"default","ast-page-background-meta":{"desktop":{"background-color":"var(--ast-global-color-4)","background-image":"","background-repeat":"repeat","background-position":"center center","background-size":"auto","background-attachment":"scroll","background-type":"","background-media":"","overlay-type":"","overlay-color":"","overlay-opacity":"","overlay-gradient":""},"tablet":{"background-color":"","background-image":"","background-repeat":"repeat","background-position":"center center","background-size":"auto","background-attachment":"scroll","background-type":"","background-media":"","overlay-type":"","overlay-color":"","overlay-opacity":"","overlay-gradient":""},"mobile":{"background-color":"","background-image":"","background-repeat":"repeat","background-position":"center center","background-size":"auto","background-attachment":"scroll","background-type":"","background-media":"","overlay-type":"","overlay-color":"","overlay-opacity":"","overlay-gradient":""}},"ast-content-background-meta":{"desktop":{"background-color":"var(--ast-global-color-5)","background-image":"","background-repeat":"repeat","background-position":"center center","background-size":"auto","background-attachment":"scroll","background-type":"","background-media":"","overlay-type":"","overlay-color":"","overlay-opacity":"","overlay-gradient":""},"tablet":{"background-color":"var(--ast-global-color-5)","background-image":"","background-repeat":"repeat","background-position":"center center","background-size":"auto","background-attachment":"scroll","background-type":"","background-media":"","overlay-type":"","overlay-color":"","overlay-opacity":"","overlay-gradient":""},"mobile":{"background-color":"var(--ast-global-color-5)","background-image":"","background-repeat":"repeat","background-position":"center center","background-size":"auto","background-attachment":"scroll","background-type":"","background-media":"","overlay-type":"","overlay-color":"","overlay-opacity":"","overlay-gradient":""}},"_EventAllDay":false,"_EventTimezone":"","_EventStartDate":"","_EventEndDate":"","_EventStartDateUTC":"","_EventEndDateUTC":"","_EventShowMap":false,"_EventShowMapLink":false,"_EventURL":"","_EventCost":"","_EventCostDescription":"","_EventCurrencySymbol":"","_EventCurrencyCode":"","_EventCurrencyPosition":"","_EventDateTimeSeparator":"","_EventTimeRangeSeparator":"","_EventOrganizerID":[],"_EventVenueID":[],"_OrganizerEmail":"","_OrganizerPhone":"","_OrganizerWebsite":"","_VenueAddress":"","_VenueCity":"","_VenueCountry":"","_VenueProvince":"","_VenueState":"","_VenueZip":"","_VenuePhone":"","_VenueURL":"","_VenueStateProvince":"","_VenueLat":"","_VenueLng":"","_VenueShowMap":false,"_VenueShowMapLink":false},"tags":[],"mec_category":[34,16],"class_list":["post-11884","mec-events","type-mec-events","status-publish","has-post-thumbnail","hentry","mec_category-agenda-des-festivals","mec_category-le-tarn-81"],"_links":{"self":[{"href":"https:\/\/www.agendadesfestivals.occitanie-films.fr\/index.php\/wp-json\/wp\/v2\/mec-events\/11884","targetHints":{"allow":["GET"]}}],"collection":[{"href":"https:\/\/www.agendadesfestivals.occitanie-films.fr\/index.php\/wp-json\/wp\/v2\/mec-events"}],"about":[{"href":"https:\/\/www.agendadesfestivals.occitanie-films.fr\/index.php\/wp-json\/wp\/v2\/types\/mec-events"}],"author":[{"embeddable":true,"href":"https:\/\/www.agendadesfestivals.occitanie-films.fr\/index.php\/wp-json\/wp\/v2\/users\/1"}],"wp:featuredmedia":[{"embeddable":true,"href":"https:\/\/www.agendadesfestivals.occitanie-films.fr\/index.php\/wp-json\/wp\/v2\/media\/11885"}],"wp:attachment":[{"href":"https:\/\/www.agendadesfestivals.occitanie-films.fr\/index.php\/wp-json\/wp\/v2\/media?parent=11884"}],"wp:term":[{"taxonomy":"post_tag","embeddable":true,"href":"https:\/\/www.agendadesfestivals.occitanie-films.fr\/index.php\/wp-json\/wp\/v2\/tags?post=11884"},{"taxonomy":"mec_category","embeddable":true,"href":"https:\/\/www.agendadesfestivals.occitanie-films.fr\/index.php\/wp-json\/wp\/v2\/mec_category?post=11884"}],"curies":[{"name":"wp","href":"https:\/\/api.w.org\/{rel}","templated":true}]}}