{"id":11831,"date":"2025-09-08T12:29:27","date_gmt":"2025-09-08T10:29:27","guid":{"rendered":"https:\/\/www.agendadesfestivals.occitanie-films.fr\/?post_type=mec-events&#038;p=11831"},"modified":"2025-10-29T17:10:39","modified_gmt":"2025-10-29T16:10:39","slug":"lillumine-festival-du-cinema-danimation","status":"publish","type":"mec-events","link":"https:\/\/www.agendadesfestivals.occitanie-films.fr\/index.php\/events\/lillumine-festival-du-cinema-danimation\/","title":{"rendered":"L&rsquo;illumin\u00e9 &#8211; Festival du Cin\u00e9ma d&rsquo;animation"},"content":{"rendered":"<div class=\"mec-event-content\">\n<div class=\"mec-single-event-description mec-events-content\">\n<div class=\"elementor-element elementor-element-daad17f elementor-widget__width-initial elementor-widget-tablet__width-initial elementor-widget elementor-widget-text-editor\" data-id=\"daad17f\" data-element_type=\"widget\" data-widget_type=\"text-editor.default\">\n<div class=\"elementor-widget-container\">\n<p>Le festival l\u2019Illumin\u00e9 revient pour sa 5\u00e8me \u00e9dition, <strong>du 28 au 30 novembre 2025. <\/strong><\/p>\n<p>L&rsquo;Illumin\u00e9 vous accueille dans diff\u00e9rents quartiers et lieux culturels de la ville de Montpellier : du Centre Rabelais au Cin\u00e9ma Diagonal, en passant par le domaine d\u00e9partemental Pierresvives, le Cin\u00e9ma Nestor Burma, et la Maison Pour Tous Louis Feuillade.<\/p>\n<p>Le festival affirme les missions port\u00e9es par l&rsquo;association Brand \u00e0 Part depuis sa cr\u00e9ation : l\u2019acc\u00e8s \u00e0 la culture pour toutes et tous, l\u2019\u00e9ducation artistique des jeunes g\u00e9n\u00e9rations dans une id\u00e9e de transmission, l\u2019\u00e9change et <strong>le partage.<\/strong><\/p>\n<p>Vous retrouvez, pour cette \u00e9dition, <strong>des projections de courts et longs-m\u00e9trages d\u2019animation, des rencontres avec des professionnel.le.s<\/strong> ainsi que des ateliers d&rsquo;initiation au cin\u00e9ma d&rsquo;animation ouverts \u00e0 toutes et tous.<\/p>\n<p>L&rsquo;\u00e9dition 2025 se d\u00e9roulera sur trois jours :<\/p>\n<p><strong>Vendredi 28 novembre &#8211; Journ\u00e9e professionnelle et projections scolaires<\/strong><\/p>\n<p>Un programme de rencontres riche et cibl\u00e9 : table-ronde, conf\u00e9rences, pr\u00e9sentations de films en d\u00e9veloppement (WIP), s\u00e9ances de speed-dating et sessions de pitching. Cette journ\u00e9e, qui se tiendra aux Echelles de la Ville (anciennement M\u00e9diath\u00e8que Fellini), est exclusivement d\u00e9di\u00e9e aux professionnel\u00b7le\u00b7s du secteur et aux \u00e9tudiant\u00b7e\u00b7s en cin\u00e9ma d\u2019animation. Des projections \u00e0 destination des \u00e9tablissements scolaires (de la maternelle au lyc\u00e9e) seront organis\u00e9es dans les diff\u00e9rentes salles partenaires du festival.<\/p>\n<p><strong>Samedi 29 et dimanche 30 novembre &#8211; Projections et ateliers<\/strong><\/p>\n<p>Le week-end sera consacr\u00e9 aux projections tous publics et aux ateliers de d\u00e9couverte et de pratique du cin\u00e9ma d&rsquo;animation. Les projections seront accompagn\u00e9es de rencontres avec les invit\u00e9.e.s.<\/p>\n<\/div>\n<\/div>\n<p><strong>\uff5cSite internet\uff5c<\/strong><a href=\"https:\/\/www.brand-a-part.fr\/le-festival\/\">L&rsquo;illumin\u00e9 Festival<\/a><strong>\uff5c<br \/>\n\uff5cProgramme\uff5c<\/strong><a href=\"https:\/\/www.brand-a-part.fr\/le-festival\/\"> 5\u00e8me \u00e9dition<\/a><strong>\uff5c<br \/>\n\uff5cInstagram\uff5c<\/strong><a href=\"https:\/\/www.instagram.com\/l_illumine_festival\/\">L&rsquo;illumin\u00e9 Festival<\/a><strong>\uff5c<br \/>\n\uff5cFacebook\uff5c<\/strong><a href=\"https:\/\/www.facebook.com\/profile.php?id=61566087721389\">L&rsquo;illumin\u00e9 Festival<\/a><strong>\uff5c<\/strong><br \/>\n<strong>\uff5cYoutube\uff5c<\/strong><a href=\"https:\/\/www.youtube.com\/channel\/UCt5NQWiFKnzC7jvb8GDpTGg\">L&rsquo;illumin\u00e9 Festival<\/a><strong>\uff5c<\/strong><\/p>\n<\/div>\n<\/div>\n<div class=\"mec-event-social mec-frontbox\"><\/div>\n","protected":false},"excerpt":{"rendered":"<p>Le festival l\u2019Illumin\u00e9 revient pour sa 5\u00e8me \u00e9dition, du 28 au 30 novembre 2025. L&rsquo;Illumin\u00e9 vous accueille dans diff\u00e9rents quartiers et lieux culturels de la ville de Montpellier : du [&hellip;]<\/p>\n","protected":false},"author":1,"featured_media":11887,"template":"","meta":{"site-sidebar-layout":"default","site-content-layout":"","ast-site-content-layout":"default","site-content-style":"default","site-sidebar-style":"default","ast-global-header-display":"","ast-banner-title-visibility":"","ast-main-header-display":"","ast-hfb-above-header-display":"","ast-hfb-below-header-display":"","ast-hfb-mobile-header-display":"","site-post-title":"","ast-breadcrumbs-content":"","ast-featured-img":"","footer-sml-layout":"","ast-disable-related-posts":"","theme-transparent-header-meta":"default","adv-header-id-meta":"","stick-header-meta":"","header-above-stick-meta":"","header-main-stick-meta":"","header-below-stick-meta":"","astra-migrate-meta-layouts":"set","ast-page-background-enabled":"default","ast-page-background-meta":{"desktop":{"background-color":"var(--ast-global-color-4)","background-image":"","background-repeat":"repeat","background-position":"center center","background-size":"auto","background-attachment":"scroll","background-type":"","background-media":"","overlay-type":"","overlay-color":"","overlay-opacity":"","overlay-gradient":""},"tablet":{"background-color":"","background-image":"","background-repeat":"repeat","background-position":"center center","background-size":"auto","background-attachment":"scroll","background-type":"","background-media":"","overlay-type":"","overlay-color":"","overlay-opacity":"","overlay-gradient":""},"mobile":{"background-color":"","background-image":"","background-repeat":"repeat","background-position":"center center","background-size":"auto","background-attachment":"scroll","background-type":"","background-media":"","overlay-type":"","overlay-color":"","overlay-opacity":"","overlay-gradient":""}},"ast-content-background-meta":{"desktop":{"background-color":"var(--ast-global-color-5)","background-image":"","background-repeat":"repeat","background-position":"center center","background-size":"auto","background-attachment":"scroll","background-type":"","background-media":"","overlay-type":"","overlay-color":"","overlay-opacity":"","overlay-gradient":""},"tablet":{"background-color":"var(--ast-global-color-5)","background-image":"","background-repeat":"repeat","background-position":"center center","background-size":"auto","background-attachment":"scroll","background-type":"","background-media":"","overlay-type":"","overlay-color":"","overlay-opacity":"","overlay-gradient":""},"mobile":{"background-color":"var(--ast-global-color-5)","background-image":"","background-repeat":"repeat","background-position":"center center","background-size":"auto","background-attachment":"scroll","background-type":"","background-media":"","overlay-type":"","overlay-color":"","overlay-opacity":"","overlay-gradient":""}},"_EventAllDay":false,"_EventTimezone":"","_EventStartDate":"","_EventEndDate":"","_EventStartDateUTC":"","_EventEndDateUTC":"","_EventShowMap":false,"_EventShowMapLink":false,"_EventURL":"","_EventCost":"","_EventCostDescription":"","_EventCurrencySymbol":"","_EventCurrencyCode":"","_EventCurrencyPosition":"","_EventDateTimeSeparator":"","_EventTimeRangeSeparator":"","_EventOrganizerID":[],"_EventVenueID":[],"_OrganizerEmail":"","_OrganizerPhone":"","_OrganizerWebsite":"","_VenueAddress":"","_VenueCity":"","_VenueCountry":"","_VenueProvince":"","_VenueState":"","_VenueZip":"","_VenuePhone":"","_VenueURL":"","_VenueStateProvince":"","_VenueLat":"","_VenueLng":"","_VenueShowMap":false,"_VenueShowMapLink":false},"tags":[],"mec_category":[34,4],"class_list":["post-11831","mec-events","type-mec-events","status-publish","has-post-thumbnail","hentry","mec_category-agenda-des-festivals","mec_category-lherault-34"],"_links":{"self":[{"href":"https:\/\/www.agendadesfestivals.occitanie-films.fr\/index.php\/wp-json\/wp\/v2\/mec-events\/11831","targetHints":{"allow":["GET"]}}],"collection":[{"href":"https:\/\/www.agendadesfestivals.occitanie-films.fr\/index.php\/wp-json\/wp\/v2\/mec-events"}],"about":[{"href":"https:\/\/www.agendadesfestivals.occitanie-films.fr\/index.php\/wp-json\/wp\/v2\/types\/mec-events"}],"author":[{"embeddable":true,"href":"https:\/\/www.agendadesfestivals.occitanie-films.fr\/index.php\/wp-json\/wp\/v2\/users\/1"}],"wp:featuredmedia":[{"embeddable":true,"href":"https:\/\/www.agendadesfestivals.occitanie-films.fr\/index.php\/wp-json\/wp\/v2\/media\/11887"}],"wp:attachment":[{"href":"https:\/\/www.agendadesfestivals.occitanie-films.fr\/index.php\/wp-json\/wp\/v2\/media?parent=11831"}],"wp:term":[{"taxonomy":"post_tag","embeddable":true,"href":"https:\/\/www.agendadesfestivals.occitanie-films.fr\/index.php\/wp-json\/wp\/v2\/tags?post=11831"},{"taxonomy":"mec_category","embeddable":true,"href":"https:\/\/www.agendadesfestivals.occitanie-films.fr\/index.php\/wp-json\/wp\/v2\/mec_category?post=11831"}],"curies":[{"name":"wp","href":"https:\/\/api.w.org\/{rel}","templated":true}]}}