{"id":11733,"date":"2025-06-23T15:40:29","date_gmt":"2025-06-23T13:40:29","guid":{"rendered":"https:\/\/www.agendadesfestivals.occitanie-films.fr\/?post_type=mec-events&#038;p=11733"},"modified":"2025-06-24T11:39:07","modified_gmt":"2025-06-24T09:39:07","slug":"les-estivales-de-lillustration","status":"publish","type":"mec-events","link":"https:\/\/www.agendadesfestivals.occitanie-films.fr\/index.php\/events\/les-estivales-de-lillustration\/","title":{"rendered":"Les Estivales de l&rsquo;Illustration"},"content":{"rendered":"<div>Les estivales de l&rsquo;illustration se d\u00e9roule<strong> du 16 juillet au 20 juillet 2025<\/strong> pour sa 11\u00e8me \u00e9dition \u00e0<strong> Monferran &#8211; Sav\u00e8s<\/strong> ! Les Estivales de l\u2019illustration 2025 c\u00e9l\u00e8brent Pinocchio. Une exposition collective r\u00e9unit des artistes de Florence autour de ce personnage embl\u00e9matique. Le parc de L\u2019ESSOR accueille un parcours d\u00e9di\u00e9, une chorale, une sculpture g\u00e9ante et un repas festif. Des masterclasses et journ\u00e9es professionnelles explorent illustration, animation et \u00e9cologie. L\u2019\u00e9v\u00e9nement promet une f\u00eate joyeuse, cr\u00e9ative et engag\u00e9e, ouverte \u00e0 tous.<\/div>\n<div>Les journ\u00e9es professionnelles \u00ab\u00a0illustration et cin\u00e9ma d&rsquo;animation\u00a0\u00bb sont pour les m\u00e9diateurs autour du cin\u00e9ma d&rsquo;animation, les professionnels de l&rsquo;image, les \u00e9tudiants ou amateurs passionn\u00e9s. Au programme : d\u00e9couverte du cin\u00e9ma Gianlugi Toccafondo, table ronde \u00ab\u00a0animer avec la r\u00e9alit\u00e9 du monde\u00a0\u00bb puis masterclass et projections.<strong>\uff5cSite internet\uff5c<\/strong><a href=\"https:\/\/www.lires.org\/les-estivales-de-lillustration\/\">Les Estivales de l&rsquo;Illustration<\/a><strong>\uff5c<br \/>\n\uff5cProgramme\uff5c<\/strong><a href=\"https:\/\/drive.google.com\/file\/d\/1z9WhmCselR-_VRzCBkU-EgKTDI18dl9P\/view\"> 11e \u00e9dition<\/a><strong>\uff5c<\/strong><br \/>\n<strong>\uff5cProgramme \uff5c<\/strong><a href=\"https:\/\/drive.google.com\/file\/d\/1MQEKupol1HwABigyAnTNI-ZUVGtE5etO\/view\"> Journ\u00e9e professionnelle<\/a><strong>\uff5c<br \/>\n\uff5cInstagram\uff5c<\/strong><a href=\"https:\/\/www.instagram.com\/estivales.illustration\/\">Les Estivales de l&rsquo;Illustration<\/a><strong>\uff5c<br \/>\n\uff5cFacebook\uff5c<\/strong><a href=\"https:\/\/www.facebook.com\/estivales.illustration\">Les Estivales de l&rsquo;Illustration<\/a><strong>\uff5c<\/strong><\/p>\n<\/div>\n<p>&nbsp;<\/p>\n","protected":false},"excerpt":{"rendered":"<p>Les estivales de l&rsquo;illustration se d\u00e9roule du 16 juillet au 20 juillet 2025 pour sa 11\u00e8me \u00e9dition \u00e0 Monferran &#8211; Sav\u00e8s ! Les Estivales de l\u2019illustration 2025 c\u00e9l\u00e8brent Pinocchio. Une [&hellip;]<\/p>\n","protected":false},"author":1,"featured_media":11734,"template":"","meta":{"site-sidebar-layout":"default","site-content-layout":"","ast-site-content-layout":"default","site-content-style":"default","site-sidebar-style":"default","ast-global-header-display":"","ast-banner-title-visibility":"","ast-main-header-display":"","ast-hfb-above-header-display":"","ast-hfb-below-header-display":"","ast-hfb-mobile-header-display":"","site-post-title":"","ast-breadcrumbs-content":"","ast-featured-img":"","footer-sml-layout":"","ast-disable-related-posts":"","theme-transparent-header-meta":"default","adv-header-id-meta":"","stick-header-meta":"","header-above-stick-meta":"","header-main-stick-meta":"","header-below-stick-meta":"","astra-migrate-meta-layouts":"set","ast-page-background-enabled":"default","ast-page-background-meta":{"desktop":{"background-color":"var(--ast-global-color-4)","background-image":"","background-repeat":"repeat","background-position":"center center","background-size":"auto","background-attachment":"scroll","background-type":"","background-media":"","overlay-type":"","overlay-color":"","overlay-opacity":"","overlay-gradient":""},"tablet":{"background-color":"","background-image":"","background-repeat":"repeat","background-position":"center center","background-size":"auto","background-attachment":"scroll","background-type":"","background-media":"","overlay-type":"","overlay-color":"","overlay-opacity":"","overlay-gradient":""},"mobile":{"background-color":"","background-image":"","background-repeat":"repeat","background-position":"center center","background-size":"auto","background-attachment":"scroll","background-type":"","background-media":"","overlay-type":"","overlay-color":"","overlay-opacity":"","overlay-gradient":""}},"ast-content-background-meta":{"desktop":{"background-color":"var(--ast-global-color-5)","background-image":"","background-repeat":"repeat","background-position":"center center","background-size":"auto","background-attachment":"scroll","background-type":"","background-media":"","overlay-type":"","overlay-color":"","overlay-opacity":"","overlay-gradient":""},"tablet":{"background-color":"var(--ast-global-color-5)","background-image":"","background-repeat":"repeat","background-position":"center center","background-size":"auto","background-attachment":"scroll","background-type":"","background-media":"","overlay-type":"","overlay-color":"","overlay-opacity":"","overlay-gradient":""},"mobile":{"background-color":"var(--ast-global-color-5)","background-image":"","background-repeat":"repeat","background-position":"center center","background-size":"auto","background-attachment":"scroll","background-type":"","background-media":"","overlay-type":"","overlay-color":"","overlay-opacity":"","overlay-gradient":""}},"_EventAllDay":false,"_EventTimezone":"","_EventStartDate":"","_EventEndDate":"","_EventStartDateUTC":"","_EventEndDateUTC":"","_EventShowMap":false,"_EventShowMapLink":false,"_EventURL":"","_EventCost":"","_EventCostDescription":"","_EventCurrencySymbol":"","_EventCurrencyCode":"","_EventCurrencyPosition":"","_EventDateTimeSeparator":"","_EventTimeRangeSeparator":"","_EventOrganizerID":[],"_EventVenueID":[],"_OrganizerEmail":"","_OrganizerPhone":"","_OrganizerWebsite":"","_VenueAddress":"","_VenueCity":"","_VenueCountry":"","_VenueProvince":"","_VenueState":"","_VenueZip":"","_VenuePhone":"","_VenueURL":"","_VenueStateProvince":"","_VenueLat":"","_VenueLng":"","_VenueShowMap":false,"_VenueShowMapLink":false},"tags":[],"mec_category":[34,11],"class_list":["post-11733","mec-events","type-mec-events","status-publish","has-post-thumbnail","hentry","mec_category-agenda-des-festivals","mec_category-le-gers-32"],"_links":{"self":[{"href":"https:\/\/www.agendadesfestivals.occitanie-films.fr\/index.php\/wp-json\/wp\/v2\/mec-events\/11733","targetHints":{"allow":["GET"]}}],"collection":[{"href":"https:\/\/www.agendadesfestivals.occitanie-films.fr\/index.php\/wp-json\/wp\/v2\/mec-events"}],"about":[{"href":"https:\/\/www.agendadesfestivals.occitanie-films.fr\/index.php\/wp-json\/wp\/v2\/types\/mec-events"}],"author":[{"embeddable":true,"href":"https:\/\/www.agendadesfestivals.occitanie-films.fr\/index.php\/wp-json\/wp\/v2\/users\/1"}],"wp:featuredmedia":[{"embeddable":true,"href":"https:\/\/www.agendadesfestivals.occitanie-films.fr\/index.php\/wp-json\/wp\/v2\/media\/11734"}],"wp:attachment":[{"href":"https:\/\/www.agendadesfestivals.occitanie-films.fr\/index.php\/wp-json\/wp\/v2\/media?parent=11733"}],"wp:term":[{"taxonomy":"post_tag","embeddable":true,"href":"https:\/\/www.agendadesfestivals.occitanie-films.fr\/index.php\/wp-json\/wp\/v2\/tags?post=11733"},{"taxonomy":"mec_category","embeddable":true,"href":"https:\/\/www.agendadesfestivals.occitanie-films.fr\/index.php\/wp-json\/wp\/v2\/mec_category?post=11733"}],"curies":[{"name":"wp","href":"https:\/\/api.w.org\/{rel}","templated":true}]}}